{"version":"1.0","provider_name":"Juttuliiteri","provider_url":"http:\/\/ylojarvendemarit.fi\/blogi","author_name":"Leena Mankkinen","author_url":"http:\/\/ylojarvendemarit.fi\/blogi\/author\/leenamankkinen\/","title":"Tampere tulessa 1918, mit\u00e4 tapahtui Yl\u00f6j\u00e4rvell\u00e4 &ndash; Juttuliiteri","type":"rich","width":600,"height":338,"html":"<blockquote class=\"wp-embedded-content\"><a href=\"http:\/\/ylojarvendemarit.fi\/blogi\/tampere-tulessa-1918-mita-tapahtui-ylojarvella\/\">Tampere tulessa 1918, mit\u00e4 tapahtui Yl\u00f6j\u00e4rvell\u00e4<\/a><\/blockquote>\n<script type='text\/javascript'>\n<!--\/\/--><![CDATA[\/\/><!--\n\t\t\/*! This file is auto-generated *\/\n\t\t!function(d,l){\"use strict\";var e=!1,n=!1;if(l.querySelector)if(d.addEventListener)e=!0;if(d.wp=d.wp||{},!d.wp.receiveEmbedMessage)if(d.wp.receiveEmbedMessage=function(e){var t=e.data;if(t)if(t.secret||t.message||t.value)if(!\/[^a-zA-Z0-9]\/.test(t.secret)){for(var r,i,a,s=l.querySelectorAll('iframe[data-secret=\"'+t.secret+'\"]'),n=l.querySelectorAll('blockquote[data-secret=\"'+t.secret+'\"]'),o=new RegExp(\"^https?:$\",\"i\"),c=0;c<n.length;c++)n[c].style.display=\"none\";for(c=0;c<s.length;c++)if(r=s[c],e.source===r.contentWindow){if(r.removeAttribute(\"style\"),\"height\"===t.message){if(1e3<(a=parseInt(t.value,10)))a=1e3;else if(~~a<200)a=200;r.height=a}if(\"link\"===t.message)if(i=l.createElement(\"a\"),a=l.createElement(\"a\"),i.href=r.getAttribute(\"src\"),a.href=t.value,o.test(a.protocol))if(a.host===i.host)if(l.activeElement===r)d.top.location.href=t.value}}},e)d.addEventListener(\"message\",d.wp.receiveEmbedMessage,!1),l.addEventListener(\"DOMContentLoaded\",t,!1),d.addEventListener(\"load\",t,!1);function t(){if(!n){n=!0;for(var e,t,r=-1!==navigator.appVersion.indexOf(\"MSIE 10\"),i=!!navigator.userAgent.match(\/Trident.*rv:11\\.\/),a=l.querySelectorAll(\"iframe.wp-embedded-content\"),s=0;s<a.length;s++){if(!(e=a[s]).getAttribute(\"data-secret\"))t=Math.random().toString(36).substr(2,10),e.src+=\"#?secret=\"+t,e.setAttribute(\"data-secret\",t);if(r||i)(t=e.cloneNode(!0)).removeAttribute(\"security\"),e.parentNode.replaceChild(t,e)}}}}(window,document);\n\/\/--><!]]>\n<\/script><iframe sandbox=\"allow-scripts\" security=\"restricted\" src=\"http:\/\/ylojarvendemarit.fi\/blogi\/tampere-tulessa-1918-mita-tapahtui-ylojarvella\/embed\/\" width=\"600\" height=\"338\" title=\"&#8221;Tampere tulessa 1918, mit\u00e4 tapahtui Yl\u00f6j\u00e4rvell\u00e4&#8221; &#8212; Juttuliiteri\" frameborder=\"0\" marginwidth=\"0\" marginheight=\"0\" scrolling=\"no\" class=\"wp-embedded-content\"><\/iframe>","thumbnail_url":"http:\/\/ylojarvendemarit.fi\/blogi\/wp-content\/uploads\/2018\/04\/Punaorvot-1918.jpg","thumbnail_width":1583,"thumbnail_height":1008,"description":"T\u00e4m\u00e4 ajankohta, jota nyt el\u00e4mme, vaatii palaamaan historiaan. P\u00e4iv\u00e4lleen tasan 100 vuotta sitten elettiin Suomen historian raskainta aikaa. Sis\u00e4llissodan verisimm\u00e4t taistelut k\u00e4ytiin p\u00e4\u00e4si\u00e4isen pyhin\u00e4 Tampereella Kalevankankaan hautausmaalla ja N\u00e4silinnan kalliolla. Suomen kansa oli jakautunut kahtia taloudellisesti, sosiaalisesti ja poliittisesti. Sota viilsi vastasyntyneen valtion syd\u00e4meen syv\u00e4n haavan."}